
{"id":1084,"date":"2024-09-10T13:12:00","date_gmt":"2024-09-10T13:12:00","guid":{"rendered":"https:\/\/ahead.africa\/?post_type=event&#038;p=1084"},"modified":"2025-07-03T12:04:27","modified_gmt":"2025-07-03T12:04:27","slug":"electoral-integrity-africa-summit-2024","status":"publish","type":"event","link":"https:\/\/ahead.africa\/fr\/event\/electoral-integrity-africa-summit-2024\/","title":{"rendered":"\ud83d\uddd3\ufe0f Sommet de l'int\u00e9grit\u00e9 \u00e9lectorale en Afrique I"},"content":{"rendered":"<p class=\"has-text-color has-link-color wp-elements-e8c583b0791b1d663ada4b0efdeeb909 translation-block\">Du 10 au 12 septembre 2024, nos partenaires le <a href=\"https:\/\/ahead.africa\/fr\/partners\/afeonet\/\" target=\"_blank\" rel=\"noreferrer noopener\">R\u00e9seau des observateurs \u00e9lectoraux africains (AfEONet)<\/a> et de son secr\u00e9tariat - le <a href=\"https:\/\/ahead.africa\/fr\/partners\/afeonet\/#ACFIM\" target=\"_blank\" rel=\"noreferrer noopener\">Alliance for Finance Monitoring (ACFIM)<\/a> - ont co-organis\u00e9 en Ouganda le <span class=\"highlight-text\"><strong>premier Sommet de l'int\u00e9grit\u00e9 \u00e9lectorale en Afrique<\/strong><\/span> sous le th\u00e8me<em> <strong>\"<a href=\"https:\/\/ahead.africa\/fr\/electoral-integrity-africa-summit-i\/\" target=\"_blank\" rel=\"noreferrer noopener\">Renforcement de la transparence \u00e9lectorale, du contr\u00f4le public et des r\u00e9formes collaboratives<\/a><\/strong>.<\/em><strong><em>\" <\/em><br><\/strong><br>Le Sommet a cherch\u00e9 \u00e0 positionner AfEONet en tant que repr\u00e9sentant continental de premier plan, coordinateur et facilitateur de la collaboration entre les observateurs \u00e9lectoraux dans toute l'Afrique. Il a rassembl\u00e9 un large \u00e9ventail de parties prenantes impliqu\u00e9es dans les processus \u00e9lectoraux \u00e0 travers le continent, cr\u00e9ant une plateforme unique pour les participants afin d'explorer les d\u00e9fis auxquels sont confront\u00e9s les processus \u00e9lectoraux et d\u00e9mocratiques, en s'appuyant sur leurs exp\u00e9riences de premi\u00e8re main, et de collaborer \u00e0 l'\u00e9laboration de strat\u00e9gies r\u00e9alisables visant \u00e0 am\u00e9liorer l'int\u00e9grit\u00e9 \u00e9lectorale \u00e0 travers l'Afrique.<\/p>\n\n\n\n<div class=\"wp-block-buttons is-content-justification-center is-layout-flex wp-container-core-buttons-is-layout-a89b3969 wp-block-buttons-is-layout-flex\">\n<div class=\"wp-block-button has-custom-width wp-block-button__width-75 has-custom-font-size\" style=\"font-size:14px\"><a class=\"wp-block-button__link has-background-color has-primary-background-color has-text-color has-background has-link-color wp-element-button\" href=\"https:\/\/ahead.africa\/fr\/first-electoral-integrity-africa-summit-final-communique\/\" target=\"_blank\" rel=\"noreferrer noopener\">En savoir plus sur le sommet et le communiqu\u00e9 final<\/a><\/div>\n<\/div>\n\n\n\n<div class=\"wp-block-columns wp-embed-aspect-16-9 wp-has-aspect-ratio has-primary-alt-background-color has-background is-layout-flex wp-container-core-columns-is-layout-4fd29df8 wp-block-columns-is-layout-flex\" style=\"border-radius:15px;padding-top:var(--wp--preset--spacing--60);padding-bottom:2.4rem\">\n<div class=\"wp-block-column is-layout-flow wp-block-column-is-layout-flow\">\n<figure class=\"wp-block-embed is-type-video is-provider-youtube wp-block-embed-youtube wp-embed-aspect-16-9 wp-has-aspect-ratio\"><div class=\"wp-block-embed__wrapper\">\n<iframe loading=\"lazy\" title=\"SOMMET SUR L&#039;INT\u00c9GRIT\u00c9 DES \u00c9LECTIONS EN AFRIQUE 2024 || JOUR-1 10 SEPTEMBRE 2024 ||\" width=\"500\" height=\"281\" src=\"https:\/\/www.youtube.com\/embed\/XeHE1yYiPBM?feature=oembed\" frameborder=\"0\" allow=\"accelerometer; autoplay; clipboard-write; encrypted-media; gyroscope; picture-in-picture; web-share\" referrerpolicy=\"strict-origin-when-cross-origin\" allowfullscreen><\/iframe>\n<\/div><\/figure>\n\n\n\n<div class=\"wp-block-buttons is-content-justification-center is-layout-flex wp-container-core-buttons-is-layout-a89b3969 wp-block-buttons-is-layout-flex\">\n<div class=\"wp-block-button has-custom-width wp-block-button__width-100 has-custom-font-size\" style=\"font-size:14px;font-style:normal;font-weight:500\"><a class=\"wp-block-button__link has-text-color has-tertiary-background-color has-text-color has-background has-link-color has-text-align-center wp-element-button\" href=\"https:\/\/www.youtube.com\/live\/XeHE1yYiPBM\" target=\"_blank\" rel=\"noreferrer noopener\">Enregistrement du premier jour<\/a><\/div>\n<\/div>\n<\/div>\n\n\n\n<div class=\"wp-block-column is-layout-flow wp-block-column-is-layout-flow\">\n<figure class=\"wp-block-embed is-type-video is-provider-youtube wp-block-embed-youtube wp-embed-aspect-16-9 wp-has-aspect-ratio\"><div class=\"wp-block-embed__wrapper\">\n<iframe loading=\"lazy\" title=\"SOMMET SUR L&#039;INT\u00c9GRIT\u00c9 DES \u00c9LECTIONS EN AFRIQUE 2024 || JOUR-2 11 SEPTEMBRE 2024 ||\" width=\"500\" height=\"281\" src=\"https:\/\/www.youtube.com\/embed\/rMt_ss_54ls?feature=oembed\" frameborder=\"0\" allow=\"accelerometer; autoplay; clipboard-write; encrypted-media; gyroscope; picture-in-picture; web-share\" referrerpolicy=\"strict-origin-when-cross-origin\" allowfullscreen><\/iframe>\n<\/div><\/figure>\n\n\n\n<div class=\"wp-block-buttons is-content-justification-center is-layout-flex wp-container-core-buttons-is-layout-a89b3969 wp-block-buttons-is-layout-flex\">\n<div class=\"wp-block-button has-custom-width wp-block-button__width-100 has-custom-font-size\" style=\"font-size:14px\"><a class=\"wp-block-button__link has-text-color has-tertiary-background-color has-text-color has-background has-link-color has-text-align-center wp-element-button\" href=\"https:\/\/www.youtube.com\/live\/rMt_ss_54ls\" target=\"_blank\" rel=\"noreferrer noopener\">Enregistrement du deuxi\u00e8me jour<\/a><\/div>\n<\/div>\n<\/div>\n\n\n\n<div class=\"wp-block-column is-layout-flow wp-block-column-is-layout-flow\">\n<figure class=\"wp-block-embed is-type-video is-provider-youtube wp-block-embed-youtube wp-embed-aspect-16-9 wp-has-aspect-ratio\"><div class=\"wp-block-embed__wrapper\">\n<iframe loading=\"lazy\" title=\"SOMMET SUR L&#039;INT\u00c9GRIT\u00c9 DES \u00c9LECTIONS EN AFRIQUE 2024 || JOUR-3 12 SEPTEMBRE 2024 ||\" width=\"500\" height=\"281\" src=\"https:\/\/www.youtube.com\/embed\/YbgVDmj7408?start=6550&#038;feature=oembed\" frameborder=\"0\" allow=\"accelerometer; autoplay; clipboard-write; encrypted-media; gyroscope; picture-in-picture; web-share\" referrerpolicy=\"strict-origin-when-cross-origin\" allowfullscreen><\/iframe>\n<\/div><\/figure>\n\n\n\n<div class=\"wp-block-buttons is-content-justification-center is-layout-flex wp-container-core-buttons-is-layout-a89b3969 wp-block-buttons-is-layout-flex\">\n<div class=\"wp-block-button has-custom-width wp-block-button__width-100 has-custom-font-size\" style=\"font-size:14px\"><a class=\"wp-block-button__link has-text-color has-tertiary-background-color has-text-color has-background has-link-color wp-element-button\" href=\"https:\/\/www.youtube.com\/watch?v=YbgVDmj7408&amp;t=6550s\" target=\"_blank\" rel=\"noreferrer noopener\">Enregistrement du troisi\u00e8me jour<\/a><\/div>\n<\/div>\n<\/div>\n<\/div>","protected":false},"featured_media":9017,"template":"event","meta":{"_acf_changed":false},"class_list":["post-1084","event","type-event","status-publish","has-post-thumbnail","hentry"],"acf":[],"_links":{"self":[{"href":"https:\/\/ahead.africa\/fr\/wp-json\/wp\/v2\/event\/1084","targetHints":{"allow":["GET"]}}],"collection":[{"href":"https:\/\/ahead.africa\/fr\/wp-json\/wp\/v2\/event"}],"about":[{"href":"https:\/\/ahead.africa\/fr\/wp-json\/wp\/v2\/types\/event"}],"wp:featuredmedia":[{"embeddable":true,"href":"https:\/\/ahead.africa\/fr\/wp-json\/wp\/v2\/media\/9017"}],"wp:attachment":[{"href":"https:\/\/ahead.africa\/fr\/wp-json\/wp\/v2\/media?parent=1084"}],"curies":[{"name":"wp","href":"https:\/\/api.w.org\/{rel}","templated":true}]}}