
{"id":931,"date":"2024-10-10T12:25:16","date_gmt":"2024-10-10T12:25:16","guid":{"rendered":"https:\/\/ahead.africa\/?page_id=931"},"modified":"2025-09-19T07:49:33","modified_gmt":"2025-09-19T07:49:33","slug":"grantees","status":"publish","type":"page","link":"https:\/\/ahead.africa\/en\/grantees\/","title":{"rendered":"Local partners"},"content":{"rendered":"\n<section class=\"wp-block-group hero advocacy has-global-padding is-layout-constrained wp-block-group-is-layout-constrained has-background\" style=\"padding-top:var(--wp--preset--spacing--80);padding-bottom:0;background-image:url(&#039;https:\/\/ahead.africa\/wp-content\/uploads\/2024\/10\/shapes-tile-green.svg&#039;);background-position:50% 1%;background-size:cover;\">\n<div class=\"wp-block-group alignwide is-layout-flow wp-block-group-is-layout-flow\">\n<h1 class=\"wp-block-heading has-text-align-center has-background-color has-text-color has-link-color wp-elements-b7a3207a36532089b79a849db56c76bd\">Local partners<\/h1>\n\n\n\n<figure class=\"wp-block-image aligncenter size-large is-resized\"><img loading=\"lazy\" decoding=\"async\" width=\"324\" height=\"161\" src=\"https:\/\/ahead.africa\/wp-content\/uploads\/2025\/01\/Icon-banner-grantees-page.svg\" alt=\"Icon banner grantees page\" class=\"wp-image-4430\" style=\"width:636px\"\/><\/figure>\n<\/div>\n<\/section>\n\n\n\n<section class=\"wp-block-group has-global-padding is-layout-constrained wp-block-group-is-layout-constrained\" style=\"padding-top:var(--wp--preset--spacing--60);padding-bottom:var(--wp--preset--spacing--50)\">\n<div class=\"wp-block-group is-layout-flow wp-block-group-is-layout-flow\" style=\"padding-top:0\">\n<p class=\"has-text-align-center\" style=\"padding-right:0px;padding-left:0px\">Member organisations from AHEAD Africa&#8217;s regional domestic election observer networks and other local organisations across Africa, selected through public calls,<strong> <\/strong>will receive <span class=\"highlight-text\"><strong>technical and financial support to observe elections, conduct research, and advocate<\/strong><\/span> for the implementation of electoral recommendations.<\/p>\n<\/div>\n<\/section>\n\n\n\n  <div class=\"observation-divider wp-block-tn-section-divider\" style=\"background-color: transparent;\">\n          <div \n        style=\"fill: var(--wp--preset--color--background-alt);\" \n        class=\"svg-wrapper\"\n        data-flip-x=\"false\"\n        data-flip-y=\"false\"\n      >\n        <svg viewBox=\"0 0 1449 74\" xmlns=\"http:\/\/www.w3.org\/2000\/svg\" preserveAspectRatio=\"none\" xml:space=\"preserve\" style=\"fill-rule:evenodd;clip-rule:evenodd;stroke-linejoin:round;stroke-miterlimit:2\"><g transform=\"scale(1 1.03736)\"><path d=\"M266 70 1449 0v91H0V0l266 70Z\" style=\"fill-rule:nonzero\" transform=\"scale(1 .96399)\"><\/path><\/g><\/svg>      <\/div>\n    \n      <\/div>\n\n\n\n<section class=\"wp-block-group has-background-alt-background-color has-background has-global-padding is-layout-constrained wp-block-group-is-layout-constrained\" style=\"padding-top:2rem;padding-bottom:var(--wp--preset--spacing--80)\">\n<div class=\"wp-block-group alignwide is-layout-flow wp-block-group-is-layout-flow\">\n<div class=\"wp-block-group filter-wrapper is-content-justification-space-between is-nowrap is-layout-flex wp-container-core-group-is-layout-cb46ffcb wp-block-group-is-layout-flex\">\n<h2 class=\"wp-block-heading has-h-6-font-size\">Filter by type of activity<\/h2>\n\n\n\n<div class=\"grantee-cat-filters\">\n<\/div>\n\n<div class=\"grantee-cat-filters\">\n    <ul class=\"grantee-categories\">\n     \n        <li class=\"grantee-category has-p-2-font-size\"  data-name=\"advocacy\">Advocacy<\/li>\n             \n        <li class=\"grantee-category has-p-2-font-size\"  data-name=\"digital\">Digital<\/li>\n             \n        <li class=\"grantee-category has-p-2-font-size\"  data-name=\"election-observation\">Election Observation<\/li>\n             \n        <li class=\"grantee-category has-p-2-font-size\"  data-name=\"research\">Research<\/li>\n                <\/ul>\n<\/div>\n\n<\/div>\n\n\n\n<div class=\"wp-block-stackable-divider stk-block-divider stk-block stk-7a361d7\" data-block-id=\"7a361d7\"><style>.stk-7a361d7 hr.stk-block-divider__hr{background:var(--clr-text) !important;width:100% !important;}.stk-7a361d7 {padding-top:10px !important;padding-bottom:5px !important;margin-bottom:1px !important;}<\/style><hr class=\"stk-block-divider__hr\"\/><\/div>\n\n\n\n<div class=\"wp-block-query animate-staggered-wrapper is-layout-flow wp-block-query-is-layout-flow\"><ul class=\"columns-4 wp-block-post-template is-layout-grid wp-container-core-post-template-is-layout-cf35a0d6 wp-block-post-template-is-layout-grid\"><li class=\"wp-block-post post-12741 grantee type-grantee status-publish has-post-thumbnail hentry grantee-category-digital grantees-association-des-blogueurs-du-benin region-benin\">\n\n<div class=\"wp-block-group blog-card grantee-card animate-staggered-target is-layout-flow wp-block-group-is-layout-flow\" style=\"padding-top:30px;padding-right:30px;padding-bottom:30px;padding-left:30px\"><figure class=\"wp-block-post-featured-image\"><a href=\"https:\/\/ahead.africa\/en\/grantee\/association-des-blogueurs-du-benin\/\" target=\"_self\"  ><img loading=\"lazy\" decoding=\"async\" width=\"1200\" height=\"700\" src=\"https:\/\/ahead.africa\/wp-content\/uploads\/2026\/04\/ABLOGUI-ECTF-1.jpg\" class=\"attachment-post-thumbnail size-post-thumbnail wp-post-image\" alt=\"Association des Blogueurs du B\u00e9nin\" style=\"object-fit:cover;\" srcset=\"https:\/\/ahead.africa\/wp-content\/uploads\/2026\/04\/ABLOGUI-ECTF-1.jpg 1200w, https:\/\/ahead.africa\/wp-content\/uploads\/2026\/04\/ABLOGUI-ECTF-1-300x175.jpg 300w, https:\/\/ahead.africa\/wp-content\/uploads\/2026\/04\/ABLOGUI-ECTF-1-1024x597.jpg 1024w, https:\/\/ahead.africa\/wp-content\/uploads\/2026\/04\/ABLOGUI-ECTF-1-768x448.jpg 768w, https:\/\/ahead.africa\/wp-content\/uploads\/2026\/04\/ABLOGUI-ECTF-1-18x12.jpg 18w\" sizes=\"auto, (max-width: 1200px) 100vw, 1200px\" \/><\/a><\/figure>\n\n    <h3 class=\"has-h-6-font-size\">Association des Blogueurs du B\u00e9nin<\/h3>\n\n\n    <p class=\"grantee-country\">Cotonou, Benin<\/p>\n\n\n\n<div style=\"height:0px\" aria-hidden=\"true\" class=\"wp-block-spacer\"><\/div>\n\n\n    <ul class=\"grantee-categories\">\n    \n        <li class=\"grantee-category has-p-2-font-size\" data-name=\"digital\">Digital<\/li>\n        <\/ul>\n\n\n\n<div class=\"wp-block-buttons is-layout-flex wp-block-buttons-is-layout-flex\">\n<div class=\"wp-block-button underline\"><a href=\"https:\/\/ahead.africa\/en\/grantee\/association-des-blogueurs-du-benin\/\" rel=\"bookmark\" class=\"wp-block-button__link wp-element-button\">Read more<\/a><\/div>\n<\/div>\n<\/div>\n\n<\/li><li class=\"wp-block-post post-12650 grantee type-grantee status-publish has-post-thumbnail hentry grantee-category-digital grantees-association-des-blogueurs-de-guinee-ablogui region-guinea\">\n\n<div class=\"wp-block-group blog-card grantee-card animate-staggered-target is-layout-flow wp-block-group-is-layout-flow\" style=\"padding-top:30px;padding-right:30px;padding-bottom:30px;padding-left:30px\"><figure class=\"wp-block-post-featured-image\"><a href=\"https:\/\/ahead.africa\/en\/grantee\/association-des-blogueurs-de-guinee-ablogui\/\" target=\"_self\"  ><img loading=\"lazy\" decoding=\"async\" width=\"1200\" height=\"700\" src=\"https:\/\/ahead.africa\/wp-content\/uploads\/2026\/04\/ABLOGUI-ECTF.png\" class=\"attachment-post-thumbnail size-post-thumbnail wp-post-image\" alt=\"Association des Blogueurs de Guin\u00e9e\" style=\"object-fit:cover;\" srcset=\"https:\/\/ahead.africa\/wp-content\/uploads\/2026\/04\/ABLOGUI-ECTF.png 1200w, https:\/\/ahead.africa\/wp-content\/uploads\/2026\/04\/ABLOGUI-ECTF-300x175.png 300w, https:\/\/ahead.africa\/wp-content\/uploads\/2026\/04\/ABLOGUI-ECTF-1024x597.png 1024w, https:\/\/ahead.africa\/wp-content\/uploads\/2026\/04\/ABLOGUI-ECTF-768x448.png 768w, https:\/\/ahead.africa\/wp-content\/uploads\/2026\/04\/ABLOGUI-ECTF-18x12.png 18w\" sizes=\"auto, (max-width: 1200px) 100vw, 1200px\" \/><\/a><\/figure>\n\n    <h3 class=\"has-h-6-font-size\">Association des Blogueurs de Guin\u00e9e<\/h3>\n\n\n    <p class=\"grantee-country\">Conakry, Guinea<\/p>\n\n\n\n<div style=\"height:0px\" aria-hidden=\"true\" class=\"wp-block-spacer\"><\/div>\n\n\n    <ul class=\"grantee-categories\">\n    \n        <li class=\"grantee-category has-p-2-font-size\" data-name=\"digital\">Digital<\/li>\n        <\/ul>\n\n\n\n<div class=\"wp-block-buttons is-layout-flex wp-block-buttons-is-layout-flex\">\n<div class=\"wp-block-button underline\"><a href=\"https:\/\/ahead.africa\/en\/grantee\/association-des-blogueurs-de-guinee-ablogui\/\" rel=\"bookmark\" class=\"wp-block-button__link wp-element-button\">Read more<\/a><\/div>\n<\/div>\n<\/div>\n\n<\/li><li class=\"wp-block-post post-12745 grantee type-grantee status-publish has-post-thumbnail hentry grantee-category-digital grantees-association-mauritanienne-pour-le-developpement-la-recherche-et-le-suivi region-mauritania\">\n\n<div class=\"wp-block-group blog-card grantee-card animate-staggered-target is-layout-flow wp-block-group-is-layout-flow\" style=\"padding-top:30px;padding-right:30px;padding-bottom:30px;padding-left:30px\"><figure class=\"wp-block-post-featured-image\"><a href=\"https:\/\/ahead.africa\/en\/grantee\/association-mauritanienne-pour-le-developpement-la-recherche-et-le-suivi\/\" target=\"_self\"  ><img loading=\"lazy\" decoding=\"async\" width=\"600\" height=\"350\" src=\"https:\/\/ahead.africa\/wp-content\/uploads\/2026\/04\/ECTF-ADRES.png\" class=\"attachment-post-thumbnail size-post-thumbnail wp-post-image\" alt=\"Association Mauritanienne pour le D\u00e9veloppement, la Recherche et le Suivi\" style=\"object-fit:cover;\" srcset=\"https:\/\/ahead.africa\/wp-content\/uploads\/2026\/04\/ECTF-ADRES.png 600w, https:\/\/ahead.africa\/wp-content\/uploads\/2026\/04\/ECTF-ADRES-300x175.png 300w, https:\/\/ahead.africa\/wp-content\/uploads\/2026\/04\/ECTF-ADRES-18x12.png 18w\" sizes=\"auto, (max-width: 600px) 100vw, 600px\" \/><\/a><\/figure>\n\n    <h3 class=\"has-h-6-font-size\">Association Mauritanienne pour le D\u00e9veloppement, la Recherche et le Suivi<\/h3>\n\n\n    <p class=\"grantee-country\">Nouakchott, Mauritania<\/p>\n\n\n\n<div style=\"height:0px\" aria-hidden=\"true\" class=\"wp-block-spacer\"><\/div>\n\n\n    <ul class=\"grantee-categories\">\n    \n        <li class=\"grantee-category has-p-2-font-size\" data-name=\"digital\">Digital<\/li>\n        <\/ul>\n\n\n\n<div class=\"wp-block-buttons is-layout-flex wp-block-buttons-is-layout-flex\">\n<div class=\"wp-block-button underline\"><a href=\"https:\/\/ahead.africa\/en\/grantee\/association-mauritanienne-pour-le-developpement-la-recherche-et-le-suivi\/\" rel=\"bookmark\" class=\"wp-block-button__link wp-element-button\">Read more<\/a><\/div>\n<\/div>\n<\/div>\n\n<\/li><li class=\"wp-block-post post-12748 grantee type-grantee status-publish has-post-thumbnail hentry grantee-category-digital grantees-association-wa-mbedmi region-senegal\">\n\n<div class=\"wp-block-group blog-card grantee-card animate-staggered-target is-layout-flow wp-block-group-is-layout-flow\" style=\"padding-top:30px;padding-right:30px;padding-bottom:30px;padding-left:30px\"><figure class=\"wp-block-post-featured-image\"><a href=\"https:\/\/ahead.africa\/en\/grantee\/association-wa-mbedmi\/\" target=\"_self\"  ><img loading=\"lazy\" decoding=\"async\" width=\"1200\" height=\"700\" src=\"https:\/\/ahead.africa\/wp-content\/uploads\/2026\/04\/Wa-Mbedmi-ECTF.png\" class=\"attachment-post-thumbnail size-post-thumbnail wp-post-image\" alt=\"Association Wa Mbedmi\" style=\"object-fit:cover;\" srcset=\"https:\/\/ahead.africa\/wp-content\/uploads\/2026\/04\/Wa-Mbedmi-ECTF.png 1200w, https:\/\/ahead.africa\/wp-content\/uploads\/2026\/04\/Wa-Mbedmi-ECTF-300x175.png 300w, https:\/\/ahead.africa\/wp-content\/uploads\/2026\/04\/Wa-Mbedmi-ECTF-1024x597.png 1024w, https:\/\/ahead.africa\/wp-content\/uploads\/2026\/04\/Wa-Mbedmi-ECTF-768x448.png 768w, https:\/\/ahead.africa\/wp-content\/uploads\/2026\/04\/Wa-Mbedmi-ECTF-18x12.png 18w\" sizes=\"auto, (max-width: 1200px) 100vw, 1200px\" \/><\/a><\/figure>\n\n    <h3 class=\"has-h-6-font-size\">Association Wa Mbedmi<\/h3>\n\n\n    <p class=\"grantee-country\">Mbour, Senegal<\/p>\n\n\n\n<div style=\"height:0px\" aria-hidden=\"true\" class=\"wp-block-spacer\"><\/div>\n\n\n    <ul class=\"grantee-categories\">\n    \n        <li class=\"grantee-category has-p-2-font-size\" data-name=\"digital\">Digital<\/li>\n        <\/ul>\n\n\n\n<div class=\"wp-block-buttons is-layout-flex wp-block-buttons-is-layout-flex\">\n<div class=\"wp-block-button underline\"><a href=\"https:\/\/ahead.africa\/en\/grantee\/association-wa-mbedmi\/\" rel=\"bookmark\" class=\"wp-block-button__link wp-element-button\">Read more<\/a><\/div>\n<\/div>\n<\/div>\n\n<\/li><li class=\"wp-block-post post-12739 grantee type-grantee status-publish has-post-thumbnail hentry grantee-category-digital grantees-actions-for-development-and-empowerment region-cameroon\">\n\n<div class=\"wp-block-group blog-card grantee-card animate-staggered-target is-layout-flow wp-block-group-is-layout-flow\" style=\"padding-top:30px;padding-right:30px;padding-bottom:30px;padding-left:30px\"><figure class=\"wp-block-post-featured-image\"><a href=\"https:\/\/ahead.africa\/en\/grantee\/actions-for-development-and-empowerment\/\" target=\"_self\"  ><img loading=\"lazy\" decoding=\"async\" width=\"1200\" height=\"700\" src=\"https:\/\/ahead.africa\/wp-content\/uploads\/2026\/04\/Actions-for-Development-and-Empowernment-.png\" class=\"attachment-post-thumbnail size-post-thumbnail wp-post-image\" alt=\"Actions for Development and Empowerment\" style=\"object-fit:cover;\" srcset=\"https:\/\/ahead.africa\/wp-content\/uploads\/2026\/04\/Actions-for-Development-and-Empowernment-.png 1200w, https:\/\/ahead.africa\/wp-content\/uploads\/2026\/04\/Actions-for-Development-and-Empowernment--300x175.png 300w, https:\/\/ahead.africa\/wp-content\/uploads\/2026\/04\/Actions-for-Development-and-Empowernment--1024x597.png 1024w, https:\/\/ahead.africa\/wp-content\/uploads\/2026\/04\/Actions-for-Development-and-Empowernment--768x448.png 768w, https:\/\/ahead.africa\/wp-content\/uploads\/2026\/04\/Actions-for-Development-and-Empowernment--18x12.png 18w\" sizes=\"auto, (max-width: 1200px) 100vw, 1200px\" \/><\/a><\/figure>\n\n    <h3 class=\"has-h-6-font-size\">Actions for Development and Empowerment<\/h3>\n\n\n    <p class=\"grantee-country\">Yaound\u00e9, Cameroun<\/p>\n\n\n\n<div style=\"height:0px\" aria-hidden=\"true\" class=\"wp-block-spacer\"><\/div>\n\n\n    <ul class=\"grantee-categories\">\n    \n        <li class=\"grantee-category has-p-2-font-size\" data-name=\"digital\">Digital<\/li>\n        <\/ul>\n\n\n\n<div class=\"wp-block-buttons is-layout-flex wp-block-buttons-is-layout-flex\">\n<div class=\"wp-block-button underline\"><a href=\"https:\/\/ahead.africa\/en\/grantee\/actions-for-development-and-empowerment\/\" rel=\"bookmark\" class=\"wp-block-button__link wp-element-button\">Read more<\/a><\/div>\n<\/div>\n<\/div>\n\n<\/li><li class=\"wp-block-post post-12750 grantee type-grantee status-publish has-post-thumbnail hentry grantee-category-digital grantees-bareedo-platform region-somalia\">\n\n<div class=\"wp-block-group blog-card grantee-card animate-staggered-target is-layout-flow wp-block-group-is-layout-flow\" style=\"padding-top:30px;padding-right:30px;padding-bottom:30px;padding-left:30px\"><figure class=\"wp-block-post-featured-image\"><a href=\"https:\/\/ahead.africa\/en\/grantee\/bareedo-platform\/\" target=\"_self\"  ><img loading=\"lazy\" decoding=\"async\" width=\"900\" height=\"525\" src=\"https:\/\/ahead.africa\/wp-content\/uploads\/2026\/04\/Bareedo-ECTF.jpg\" class=\"attachment-post-thumbnail size-post-thumbnail wp-post-image\" alt=\"Bareedo Platform\" style=\"object-fit:cover;\" srcset=\"https:\/\/ahead.africa\/wp-content\/uploads\/2026\/04\/Bareedo-ECTF.jpg 900w, https:\/\/ahead.africa\/wp-content\/uploads\/2026\/04\/Bareedo-ECTF-300x175.jpg 300w, https:\/\/ahead.africa\/wp-content\/uploads\/2026\/04\/Bareedo-ECTF-768x448.jpg 768w, https:\/\/ahead.africa\/wp-content\/uploads\/2026\/04\/Bareedo-ECTF-18x12.jpg 18w\" sizes=\"auto, (max-width: 900px) 100vw, 900px\" \/><\/a><\/figure>\n\n    <h3 class=\"has-h-6-font-size\">Bareedo Platform<\/h3>\n\n\n    <p class=\"grantee-country\">Garoowe, Somalia<\/p>\n\n\n\n<div style=\"height:0px\" aria-hidden=\"true\" class=\"wp-block-spacer\"><\/div>\n\n\n    <ul class=\"grantee-categories\">\n    \n        <li class=\"grantee-category has-p-2-font-size\" data-name=\"digital\">Digital<\/li>\n        <\/ul>\n\n\n\n<div class=\"wp-block-buttons is-layout-flex wp-block-buttons-is-layout-flex\">\n<div class=\"wp-block-button underline\"><a href=\"https:\/\/ahead.africa\/en\/grantee\/bareedo-platform\/\" rel=\"bookmark\" class=\"wp-block-button__link wp-element-button\">Read more<\/a><\/div>\n<\/div>\n<\/div>\n\n<\/li><li class=\"wp-block-post post-12752 grantee type-grantee status-publish has-post-thumbnail hentry grantee-category-digital grantees-brain-builders-youth-development-initiative region-cameroon\">\n\n<div class=\"wp-block-group blog-card grantee-card animate-staggered-target is-layout-flow wp-block-group-is-layout-flow\" style=\"padding-top:30px;padding-right:30px;padding-bottom:30px;padding-left:30px\"><figure class=\"wp-block-post-featured-image\"><a href=\"https:\/\/ahead.africa\/en\/grantee\/brain-builders-youth-development-initiative\/\" target=\"_self\"  ><img loading=\"lazy\" decoding=\"async\" width=\"900\" height=\"525\" src=\"https:\/\/ahead.africa\/wp-content\/uploads\/2026\/04\/Brain-Builders-Youth-Development-ECTF.png\" class=\"attachment-post-thumbnail size-post-thumbnail wp-post-image\" alt=\"Brain Builders Youth Development Initiative\" style=\"object-fit:cover;\" srcset=\"https:\/\/ahead.africa\/wp-content\/uploads\/2026\/04\/Brain-Builders-Youth-Development-ECTF.png 900w, https:\/\/ahead.africa\/wp-content\/uploads\/2026\/04\/Brain-Builders-Youth-Development-ECTF-300x175.png 300w, https:\/\/ahead.africa\/wp-content\/uploads\/2026\/04\/Brain-Builders-Youth-Development-ECTF-768x448.png 768w, https:\/\/ahead.africa\/wp-content\/uploads\/2026\/04\/Brain-Builders-Youth-Development-ECTF-18x12.png 18w\" sizes=\"auto, (max-width: 900px) 100vw, 900px\" \/><\/a><\/figure>\n\n    <h3 class=\"has-h-6-font-size\">Brain Builders Youth Development Initiative<\/h3>\n\n\n    <p class=\"grantee-country\">Yaound\u00e9, Cameroon<\/p>\n\n\n\n<div style=\"height:0px\" aria-hidden=\"true\" class=\"wp-block-spacer\"><\/div>\n\n\n    <ul class=\"grantee-categories\">\n    \n        <li class=\"grantee-category has-p-2-font-size\" data-name=\"digital\">Digital<\/li>\n        <\/ul>\n\n\n\n<div class=\"wp-block-buttons is-layout-flex wp-block-buttons-is-layout-flex\">\n<div class=\"wp-block-button underline\"><a href=\"https:\/\/ahead.africa\/en\/grantee\/brain-builders-youth-development-initiative\/\" rel=\"bookmark\" class=\"wp-block-button__link wp-element-button\">Read more<\/a><\/div>\n<\/div>\n<\/div>\n\n<\/li><li class=\"wp-block-post post-9791 grantee type-grantee status-publish has-post-thumbnail hentry grantee-category-advocacy grantee-category-election-observation grantees-cadre-dappui-aux-processus-electoraux region-benin region-west-africa\">\n\n<div class=\"wp-block-group blog-card grantee-card animate-staggered-target is-layout-flow wp-block-group-is-layout-flow\" style=\"padding-top:30px;padding-right:30px;padding-bottom:30px;padding-left:30px\"><figure class=\"wp-block-post-featured-image\"><a href=\"https:\/\/ahead.africa\/en\/grantee\/cadre-dappui-aux-processus-electoraux\/\" target=\"_self\"  ><img loading=\"lazy\" decoding=\"async\" width=\"1875\" height=\"1094\" src=\"https:\/\/ahead.africa\/wp-content\/uploads\/2025\/10\/CAPE-Benin.png\" class=\"attachment-post-thumbnail size-post-thumbnail wp-post-image\" alt=\"Cadre d\u2019Appui aux Processus \u00c9lectoraux\" style=\"object-fit:cover;\" srcset=\"https:\/\/ahead.africa\/wp-content\/uploads\/2025\/10\/CAPE-Benin.png 1875w, https:\/\/ahead.africa\/wp-content\/uploads\/2025\/10\/CAPE-Benin-300x175.png 300w, https:\/\/ahead.africa\/wp-content\/uploads\/2025\/10\/CAPE-Benin-1024x597.png 1024w, https:\/\/ahead.africa\/wp-content\/uploads\/2025\/10\/CAPE-Benin-768x448.png 768w, https:\/\/ahead.africa\/wp-content\/uploads\/2025\/10\/CAPE-Benin-1536x896.png 1536w, https:\/\/ahead.africa\/wp-content\/uploads\/2025\/10\/CAPE-Benin-18x12.png 18w\" sizes=\"auto, (max-width: 1875px) 100vw, 1875px\" \/><\/a><\/figure>\n\n    <h3 class=\"has-h-6-font-size\">Cadre d\u2019Appui aux Processus \u00c9lectoraux<\/h3>\n\n\n\n\n\n<div style=\"height:0px\" aria-hidden=\"true\" class=\"wp-block-spacer\"><\/div>\n\n\n    <ul class=\"grantee-categories\">\n    \n        <li class=\"grantee-category has-p-2-font-size\" data-name=\"advocacy\">Advocacy<\/li>\n    \n        <li class=\"grantee-category has-p-2-font-size\" data-name=\"election-observation\">Election Observation<\/li>\n        <\/ul>\n\n\n\n<div class=\"wp-block-buttons is-layout-flex wp-block-buttons-is-layout-flex\">\n<div class=\"wp-block-button underline\"><a href=\"https:\/\/ahead.africa\/en\/grantee\/cadre-dappui-aux-processus-electoraux\/\" rel=\"bookmark\" class=\"wp-block-button__link wp-element-button\">Read more<\/a><\/div>\n<\/div>\n<\/div>\n\n<\/li><li class=\"wp-block-post post-9788 grantee type-grantee status-publish has-post-thumbnail hentry grantee-category-advocacy grantees-catholic-commission-for-justice-and-peace region-malawi region-southern-africa\">\n\n<div class=\"wp-block-group blog-card grantee-card animate-staggered-target is-layout-flow wp-block-group-is-layout-flow\" style=\"padding-top:30px;padding-right:30px;padding-bottom:30px;padding-left:30px\"><figure class=\"wp-block-post-featured-image\"><a href=\"https:\/\/ahead.africa\/en\/grantee\/catholic-commission-for-justice-and-peace\/\" target=\"_self\"  ><img loading=\"lazy\" decoding=\"async\" width=\"1875\" height=\"1094\" src=\"https:\/\/ahead.africa\/wp-content\/uploads\/2025\/10\/CCJP-Malawi.jpg\" class=\"attachment-post-thumbnail size-post-thumbnail wp-post-image\" alt=\"Catholic Commission for Justice and Peace\" style=\"object-fit:cover;\" srcset=\"https:\/\/ahead.africa\/wp-content\/uploads\/2025\/10\/CCJP-Malawi.jpg 1875w, https:\/\/ahead.africa\/wp-content\/uploads\/2025\/10\/CCJP-Malawi-300x175.jpg 300w, https:\/\/ahead.africa\/wp-content\/uploads\/2025\/10\/CCJP-Malawi-1024x597.jpg 1024w, https:\/\/ahead.africa\/wp-content\/uploads\/2025\/10\/CCJP-Malawi-768x448.jpg 768w, https:\/\/ahead.africa\/wp-content\/uploads\/2025\/10\/CCJP-Malawi-1536x896.jpg 1536w, https:\/\/ahead.africa\/wp-content\/uploads\/2025\/10\/CCJP-Malawi-18x12.jpg 18w\" sizes=\"auto, (max-width: 1875px) 100vw, 1875px\" \/><\/a><\/figure>\n\n    <h3 class=\"has-h-6-font-size\">Catholic Commission for Justice and Peace<\/h3>\n\n\n    <p class=\"grantee-country\">Lilongwe, Malawi<\/p>\n\n\n\n<div style=\"height:0px\" aria-hidden=\"true\" class=\"wp-block-spacer\"><\/div>\n\n\n    <ul class=\"grantee-categories\">\n    \n        <li class=\"grantee-category has-p-2-font-size\" data-name=\"advocacy\">Advocacy<\/li>\n        <\/ul>\n\n\n\n<div class=\"wp-block-buttons is-layout-flex wp-block-buttons-is-layout-flex\">\n<div class=\"wp-block-button underline\"><a href=\"https:\/\/ahead.africa\/en\/grantee\/catholic-commission-for-justice-and-peace\/\" rel=\"bookmark\" class=\"wp-block-button__link wp-element-button\">Read more<\/a><\/div>\n<\/div>\n<\/div>\n\n<\/li><li class=\"wp-block-post post-9790 grantee type-grantee status-publish has-post-thumbnail hentry grantee-category-advocacy grantee-category-election-observation grantees-centre-regional-dappui-a-la-societe-civile region-ivory-coast region-west-africa\">\n\n<div class=\"wp-block-group blog-card grantee-card animate-staggered-target is-layout-flow wp-block-group-is-layout-flow\" style=\"padding-top:30px;padding-right:30px;padding-bottom:30px;padding-left:30px\"><figure class=\"wp-block-post-featured-image\"><a href=\"https:\/\/ahead.africa\/en\/grantee\/centre-regional-dappui-a-la-societe-civile\/\" target=\"_self\"  ><img loading=\"lazy\" decoding=\"async\" width=\"1875\" height=\"1094\" src=\"https:\/\/ahead.africa\/wp-content\/uploads\/2025\/09\/CRASC-Centre-Ivory-Coast.jpg\" class=\"attachment-post-thumbnail size-post-thumbnail wp-post-image\" alt=\"Centre R\u00e9gional d\u2019Appui \u00e0 la Soci\u00e9t\u00e9 Civile &#8211; Centre and Est\" style=\"object-fit:cover;\" srcset=\"https:\/\/ahead.africa\/wp-content\/uploads\/2025\/09\/CRASC-Centre-Ivory-Coast.jpg 1875w, https:\/\/ahead.africa\/wp-content\/uploads\/2025\/09\/CRASC-Centre-Ivory-Coast-300x175.jpg 300w, https:\/\/ahead.africa\/wp-content\/uploads\/2025\/09\/CRASC-Centre-Ivory-Coast-1024x597.jpg 1024w, https:\/\/ahead.africa\/wp-content\/uploads\/2025\/09\/CRASC-Centre-Ivory-Coast-768x448.jpg 768w, https:\/\/ahead.africa\/wp-content\/uploads\/2025\/09\/CRASC-Centre-Ivory-Coast-1536x896.jpg 1536w, https:\/\/ahead.africa\/wp-content\/uploads\/2025\/09\/CRASC-Centre-Ivory-Coast-18x12.jpg 18w\" sizes=\"auto, (max-width: 1875px) 100vw, 1875px\" \/><\/a><\/figure>\n\n    <h3 class=\"has-h-6-font-size\">Centre R\u00e9gional d\u2019Appui \u00e0 la Soci\u00e9t\u00e9 Civile &#8211; Centre and Est<\/h3>\n\n\n    <p class=\"grantee-country\">Bouak\u00e9, Ivory Coast<\/p>\n\n\n\n<div style=\"height:0px\" aria-hidden=\"true\" class=\"wp-block-spacer\"><\/div>\n\n\n    <ul class=\"grantee-categories\">\n    \n        <li class=\"grantee-category has-p-2-font-size\" data-name=\"advocacy\">Advocacy<\/li>\n    \n        <li class=\"grantee-category has-p-2-font-size\" data-name=\"election-observation\">Election Observation<\/li>\n        <\/ul>\n\n\n\n<div class=\"wp-block-buttons is-layout-flex wp-block-buttons-is-layout-flex\">\n<div class=\"wp-block-button underline\"><a href=\"https:\/\/ahead.africa\/en\/grantee\/centre-regional-dappui-a-la-societe-civile\/\" rel=\"bookmark\" class=\"wp-block-button__link wp-element-button\">Read more<\/a><\/div>\n<\/div>\n<\/div>\n\n<\/li><li class=\"wp-block-post post-12763 grantee type-grantee status-publish has-post-thumbnail hentry grantee-category-digital grantees-ethiopia-women-federation region-ethiopia\">\n\n<div class=\"wp-block-group blog-card grantee-card animate-staggered-target is-layout-flow wp-block-group-is-layout-flow\" style=\"padding-top:30px;padding-right:30px;padding-bottom:30px;padding-left:30px\"><figure class=\"wp-block-post-featured-image\"><a href=\"https:\/\/ahead.africa\/en\/grantee\/ethiopian-womens-federation\/\" target=\"_self\"  ><img loading=\"lazy\" decoding=\"async\" width=\"1836\" height=\"1072\" src=\"https:\/\/ahead.africa\/wp-content\/uploads\/2026\/04\/Ethiopia-Women-Federation-ECTF.jpg\" class=\"attachment-post-thumbnail size-post-thumbnail wp-post-image\" alt=\"Ethiopian Women Federation\" style=\"object-fit:cover;\" srcset=\"https:\/\/ahead.africa\/wp-content\/uploads\/2026\/04\/Ethiopia-Women-Federation-ECTF.jpg 1836w, https:\/\/ahead.africa\/wp-content\/uploads\/2026\/04\/Ethiopia-Women-Federation-ECTF-300x175.jpg 300w, https:\/\/ahead.africa\/wp-content\/uploads\/2026\/04\/Ethiopia-Women-Federation-ECTF-1024x598.jpg 1024w, https:\/\/ahead.africa\/wp-content\/uploads\/2026\/04\/Ethiopia-Women-Federation-ECTF-768x448.jpg 768w, https:\/\/ahead.africa\/wp-content\/uploads\/2026\/04\/Ethiopia-Women-Federation-ECTF-1536x897.jpg 1536w, https:\/\/ahead.africa\/wp-content\/uploads\/2026\/04\/Ethiopia-Women-Federation-ECTF-18x12.jpg 18w\" sizes=\"auto, (max-width: 1836px) 100vw, 1836px\" \/><\/a><\/figure>\n\n    <h3 class=\"has-h-6-font-size\">Ethiopian Women Federation<\/h3>\n\n\n    <p class=\"grantee-country\">Addis Ababa, Ethiopia<\/p>\n\n\n\n<div style=\"height:0px\" aria-hidden=\"true\" class=\"wp-block-spacer\"><\/div>\n\n\n    <ul class=\"grantee-categories\">\n    \n        <li class=\"grantee-category has-p-2-font-size\" data-name=\"digital\">Digital<\/li>\n        <\/ul>\n\n\n\n<div class=\"wp-block-buttons is-layout-flex wp-block-buttons-is-layout-flex\">\n<div class=\"wp-block-button underline\"><a href=\"https:\/\/ahead.africa\/en\/grantee\/ethiopian-womens-federation\/\" rel=\"bookmark\" class=\"wp-block-button__link wp-element-button\">Read more<\/a><\/div>\n<\/div>\n<\/div>\n\n<\/li><li class=\"wp-block-post post-12761 grantee type-grantee status-publish has-post-thumbnail hentry grantee-category-digital grantees-consortium-for-networking-and-development region-ethiopia\">\n\n<div class=\"wp-block-group blog-card grantee-card animate-staggered-target is-layout-flow wp-block-group-is-layout-flow\" style=\"padding-top:30px;padding-right:30px;padding-bottom:30px;padding-left:30px\"><figure class=\"wp-block-post-featured-image\"><a href=\"https:\/\/ahead.africa\/en\/grantee\/consortium-for-networking-and-development\/\" target=\"_self\"  ><img loading=\"lazy\" decoding=\"async\" width=\"1836\" height=\"1072\" src=\"https:\/\/ahead.africa\/wp-content\/uploads\/2026\/04\/COND-ECTF.jpg\" class=\"attachment-post-thumbnail size-post-thumbnail wp-post-image\" alt=\"Consortium for Networking and Development\" style=\"object-fit:cover;\" srcset=\"https:\/\/ahead.africa\/wp-content\/uploads\/2026\/04\/COND-ECTF.jpg 1836w, https:\/\/ahead.africa\/wp-content\/uploads\/2026\/04\/COND-ECTF-300x175.jpg 300w, https:\/\/ahead.africa\/wp-content\/uploads\/2026\/04\/COND-ECTF-1024x598.jpg 1024w, https:\/\/ahead.africa\/wp-content\/uploads\/2026\/04\/COND-ECTF-768x448.jpg 768w, https:\/\/ahead.africa\/wp-content\/uploads\/2026\/04\/COND-ECTF-1536x897.jpg 1536w, https:\/\/ahead.africa\/wp-content\/uploads\/2026\/04\/COND-ECTF-18x12.jpg 18w\" sizes=\"auto, (max-width: 1836px) 100vw, 1836px\" \/><\/a><\/figure>\n\n    <h3 class=\"has-h-6-font-size\">Consortium for Networking and Development<\/h3>\n\n\n    <p class=\"grantee-country\">Bahir Dar, Ethiopia<\/p>\n\n\n\n<div style=\"height:0px\" aria-hidden=\"true\" class=\"wp-block-spacer\"><\/div>\n\n\n    <ul class=\"grantee-categories\">\n    \n        <li class=\"grantee-category has-p-2-font-size\" data-name=\"digital\">Digital<\/li>\n        <\/ul>\n\n\n\n<div class=\"wp-block-buttons is-layout-flex wp-block-buttons-is-layout-flex\">\n<div class=\"wp-block-button underline\"><a href=\"https:\/\/ahead.africa\/en\/grantee\/consortium-for-networking-and-development\/\" rel=\"bookmark\" class=\"wp-block-button__link wp-element-button\">Read more<\/a><\/div>\n<\/div>\n<\/div>\n\n<\/li><li class=\"wp-block-post post-12649 grantee type-grantee status-publish has-post-thumbnail hentry grantee-category-digital grantees-excellence-foundation-for-south-sudan region-south-sudan\">\n\n<div class=\"wp-block-group blog-card grantee-card animate-staggered-target is-layout-flow wp-block-group-is-layout-flow\" style=\"padding-top:30px;padding-right:30px;padding-bottom:30px;padding-left:30px\"><figure class=\"wp-block-post-featured-image\"><a href=\"https:\/\/ahead.africa\/en\/grantee\/excellence-foundation-for-south-sudan\/\" target=\"_self\"  ><img loading=\"lazy\" decoding=\"async\" width=\"1200\" height=\"700\" src=\"https:\/\/ahead.africa\/wp-content\/uploads\/2026\/03\/Excellence-Foundation-for-South-Sudan-ECTF.jpg\" class=\"attachment-post-thumbnail size-post-thumbnail wp-post-image\" alt=\"Excellence Foundation for South Sudan\" style=\"object-fit:cover;\" srcset=\"https:\/\/ahead.africa\/wp-content\/uploads\/2026\/03\/Excellence-Foundation-for-South-Sudan-ECTF.jpg 1200w, https:\/\/ahead.africa\/wp-content\/uploads\/2026\/03\/Excellence-Foundation-for-South-Sudan-ECTF-300x175.jpg 300w, https:\/\/ahead.africa\/wp-content\/uploads\/2026\/03\/Excellence-Foundation-for-South-Sudan-ECTF-1024x597.jpg 1024w, https:\/\/ahead.africa\/wp-content\/uploads\/2026\/03\/Excellence-Foundation-for-South-Sudan-ECTF-768x448.jpg 768w, https:\/\/ahead.africa\/wp-content\/uploads\/2026\/03\/Excellence-Foundation-for-South-Sudan-ECTF-18x12.jpg 18w\" sizes=\"auto, (max-width: 1200px) 100vw, 1200px\" \/><\/a><\/figure>\n\n    <h3 class=\"has-h-6-font-size\">Excellence Foundation for South Sudan<\/h3>\n\n\n    <p class=\"grantee-country\">Juba, South Sudan<\/p>\n\n\n\n<div style=\"height:0px\" aria-hidden=\"true\" class=\"wp-block-spacer\"><\/div>\n\n\n    <ul class=\"grantee-categories\">\n    \n        <li class=\"grantee-category has-p-2-font-size\" data-name=\"digital\">Digital<\/li>\n        <\/ul>\n\n\n\n<div class=\"wp-block-buttons is-layout-flex wp-block-buttons-is-layout-flex\">\n<div class=\"wp-block-button underline\"><a href=\"https:\/\/ahead.africa\/en\/grantee\/excellence-foundation-for-south-sudan\/\" rel=\"bookmark\" class=\"wp-block-button__link wp-element-button\">Read more<\/a><\/div>\n<\/div>\n<\/div>\n\n<\/li><li class=\"wp-block-post post-12764 grantee type-grantee status-publish has-post-thumbnail hentry grantee-category-digital grantees-hopeline-foundation region-somalia\">\n\n<div class=\"wp-block-group blog-card grantee-card animate-staggered-target is-layout-flow wp-block-group-is-layout-flow\" style=\"padding-top:30px;padding-right:30px;padding-bottom:30px;padding-left:30px\"><figure class=\"wp-block-post-featured-image\"><a href=\"https:\/\/ahead.africa\/en\/grantee\/hopeline-foundation\/\" target=\"_self\"  ><img loading=\"lazy\" decoding=\"async\" width=\"1836\" height=\"1072\" src=\"https:\/\/ahead.africa\/wp-content\/uploads\/2026\/04\/Hopeline-ECTF.jpg\" class=\"attachment-post-thumbnail size-post-thumbnail wp-post-image\" alt=\"Hopeline Foundation\" style=\"object-fit:cover;\" srcset=\"https:\/\/ahead.africa\/wp-content\/uploads\/2026\/04\/Hopeline-ECTF.jpg 1836w, https:\/\/ahead.africa\/wp-content\/uploads\/2026\/04\/Hopeline-ECTF-300x175.jpg 300w, https:\/\/ahead.africa\/wp-content\/uploads\/2026\/04\/Hopeline-ECTF-1024x598.jpg 1024w, https:\/\/ahead.africa\/wp-content\/uploads\/2026\/04\/Hopeline-ECTF-768x448.jpg 768w, https:\/\/ahead.africa\/wp-content\/uploads\/2026\/04\/Hopeline-ECTF-1536x897.jpg 1536w, https:\/\/ahead.africa\/wp-content\/uploads\/2026\/04\/Hopeline-ECTF-18x12.jpg 18w\" sizes=\"auto, (max-width: 1836px) 100vw, 1836px\" \/><\/a><\/figure>\n\n    <h3 class=\"has-h-6-font-size\">Hopeline Foundation<\/h3>\n\n\n    <p class=\"grantee-country\">Mogadishu, Somalia<\/p>\n\n\n\n<div style=\"height:0px\" aria-hidden=\"true\" class=\"wp-block-spacer\"><\/div>\n\n\n    <ul class=\"grantee-categories\">\n    \n        <li class=\"grantee-category has-p-2-font-size\" data-name=\"digital\">Digital<\/li>\n        <\/ul>\n\n\n\n<div class=\"wp-block-buttons is-layout-flex wp-block-buttons-is-layout-flex\">\n<div class=\"wp-block-button underline\"><a href=\"https:\/\/ahead.africa\/en\/grantee\/hopeline-foundation\/\" rel=\"bookmark\" class=\"wp-block-button__link wp-element-button\">Read more<\/a><\/div>\n<\/div>\n<\/div>\n\n<\/li><li class=\"wp-block-post post-830 grantee type-grantee status-publish has-post-thumbnail hentry grantee-category-advocacy grantee-category-election-observation grantees-kwazulu-natal-christian-council region-south-africa\">\n\n<div class=\"wp-block-group blog-card grantee-card animate-staggered-target is-layout-flow wp-block-group-is-layout-flow\" style=\"padding-top:30px;padding-right:30px;padding-bottom:30px;padding-left:30px\"><figure class=\"wp-block-post-featured-image\"><a href=\"https:\/\/ahead.africa\/en\/grantee\/kwazulu-natal-christian-council\/\" target=\"_self\"  ><img loading=\"lazy\" decoding=\"async\" width=\"800\" height=\"191\" src=\"https:\/\/ahead.africa\/wp-content\/uploads\/2024\/10\/KZNCC-logo-transparent.png\" class=\"attachment-post-thumbnail size-post-thumbnail wp-post-image\" alt=\"KwaZulu-Natal Christian Council\" style=\"object-fit:cover;\" srcset=\"https:\/\/ahead.africa\/wp-content\/uploads\/2024\/10\/KZNCC-logo-transparent.png 800w, https:\/\/ahead.africa\/wp-content\/uploads\/2024\/10\/KZNCC-logo-transparent-300x72.png 300w, https:\/\/ahead.africa\/wp-content\/uploads\/2024\/10\/KZNCC-logo-transparent-768x183.png 768w, https:\/\/ahead.africa\/wp-content\/uploads\/2024\/10\/KZNCC-logo-transparent-18x4.png 18w\" sizes=\"auto, (max-width: 800px) 100vw, 800px\" \/><\/a><\/figure>\n\n    <h3 class=\"has-h-6-font-size\">KwaZulu-Natal Christian Council<\/h3>\n\n\n    <p class=\"grantee-country\">KwaZulu-Natal, South Africa<\/p>\n\n\n\n<div style=\"height:0px\" aria-hidden=\"true\" class=\"wp-block-spacer\"><\/div>\n\n\n    <ul class=\"grantee-categories\">\n    \n        <li class=\"grantee-category has-p-2-font-size\" data-name=\"advocacy\">Advocacy<\/li>\n    \n        <li class=\"grantee-category has-p-2-font-size\" data-name=\"election-observation\">Election Observation<\/li>\n        <\/ul>\n\n\n\n<div class=\"wp-block-buttons is-layout-flex wp-block-buttons-is-layout-flex\">\n<div class=\"wp-block-button underline\"><a href=\"https:\/\/ahead.africa\/en\/grantee\/kwazulu-natal-christian-council\/\" rel=\"bookmark\" class=\"wp-block-button__link wp-element-button\">Read more<\/a><\/div>\n<\/div>\n<\/div>\n\n<\/li><li class=\"wp-block-post post-12308 grantee type-grantee status-publish has-post-thumbnail hentry grantee-category-advocacy region-namibia region-southern-africa\">\n\n<div class=\"wp-block-group blog-card grantee-card animate-staggered-target is-layout-flow wp-block-group-is-layout-flow\" style=\"padding-top:30px;padding-right:30px;padding-bottom:30px;padding-left:30px\"><figure class=\"wp-block-post-featured-image\"><a href=\"https:\/\/ahead.africa\/en\/grantee\/namibia-institute-for-democracy\/\" target=\"_self\"  ><img loading=\"lazy\" decoding=\"async\" width=\"900\" height=\"525\" src=\"https:\/\/ahead.africa\/wp-content\/uploads\/2026\/03\/NID-grantee.png\" class=\"attachment-post-thumbnail size-post-thumbnail wp-post-image\" alt=\"Namibia Institute for Democracy\" style=\"object-fit:cover;\" srcset=\"https:\/\/ahead.africa\/wp-content\/uploads\/2026\/03\/NID-grantee.png 900w, https:\/\/ahead.africa\/wp-content\/uploads\/2026\/03\/NID-grantee-300x175.png 300w, https:\/\/ahead.africa\/wp-content\/uploads\/2026\/03\/NID-grantee-768x448.png 768w, https:\/\/ahead.africa\/wp-content\/uploads\/2026\/03\/NID-grantee-18x12.png 18w\" sizes=\"auto, (max-width: 900px) 100vw, 900px\" \/><\/a><\/figure>\n\n    <h3 class=\"has-h-6-font-size\">Namibia Institute for Democracy<\/h3>\n\n\n    <p class=\"grantee-country\">Windhoek, Namibia<\/p>\n\n\n\n<div style=\"height:0px\" aria-hidden=\"true\" class=\"wp-block-spacer\"><\/div>\n\n\n    <ul class=\"grantee-categories\">\n    \n        <li class=\"grantee-category has-p-2-font-size\" data-name=\"advocacy\">Advocacy<\/li>\n        <\/ul>\n\n\n\n<div class=\"wp-block-buttons is-layout-flex wp-block-buttons-is-layout-flex\">\n<div class=\"wp-block-button underline\"><a href=\"https:\/\/ahead.africa\/en\/grantee\/namibia-institute-for-democracy\/\" rel=\"bookmark\" class=\"wp-block-button__link wp-element-button\">Read more<\/a><\/div>\n<\/div>\n<\/div>\n\n<\/li><li class=\"wp-block-post post-3871 grantee type-grantee status-publish has-post-thumbnail hentry grantee-category-election-observation grantees-penplusbytes\">\n\n<div class=\"wp-block-group blog-card grantee-card animate-staggered-target is-layout-flow wp-block-group-is-layout-flow\" style=\"padding-top:30px;padding-right:30px;padding-bottom:30px;padding-left:30px\"><figure class=\"wp-block-post-featured-image\"><a href=\"https:\/\/ahead.africa\/en\/grantee\/penplusbytes\/\" target=\"_self\"  ><img loading=\"lazy\" decoding=\"async\" width=\"994\" height=\"332\" src=\"https:\/\/ahead.africa\/wp-content\/uploads\/2025\/01\/Penplusbytes-logo-transparent.png\" class=\"attachment-post-thumbnail size-post-thumbnail wp-post-image\" alt=\"Penplusbytes\" style=\"object-fit:cover;\" srcset=\"https:\/\/ahead.africa\/wp-content\/uploads\/2025\/01\/Penplusbytes-logo-transparent.png 994w, https:\/\/ahead.africa\/wp-content\/uploads\/2025\/01\/Penplusbytes-logo-transparent-300x100.png 300w, https:\/\/ahead.africa\/wp-content\/uploads\/2025\/01\/Penplusbytes-logo-transparent-768x257.png 768w, https:\/\/ahead.africa\/wp-content\/uploads\/2025\/01\/Penplusbytes-logo-transparent-18x6.png 18w\" sizes=\"auto, (max-width: 994px) 100vw, 994px\" \/><\/a><\/figure>\n\n    <h3 class=\"has-h-6-font-size\">Penplusbytes<\/h3>\n\n\n    <p class=\"grantee-country\">Accra, Ghana<\/p>\n\n\n\n<div style=\"height:0px\" aria-hidden=\"true\" class=\"wp-block-spacer\"><\/div>\n\n\n    <ul class=\"grantee-categories\">\n    \n        <li class=\"grantee-category has-p-2-font-size\" data-name=\"election-observation\">Election Observation<\/li>\n        <\/ul>\n\n\n\n<div class=\"wp-block-buttons is-layout-flex wp-block-buttons-is-layout-flex\">\n<div class=\"wp-block-button underline\"><a href=\"https:\/\/ahead.africa\/en\/grantee\/penplusbytes\/\" rel=\"bookmark\" class=\"wp-block-button__link wp-element-button\">Read more<\/a><\/div>\n<\/div>\n<\/div>\n\n<\/li><li class=\"wp-block-post post-8934 grantee type-grantee status-publish has-post-thumbnail hentry grantee-category-advocacy grantees-south-african-council-of-churches-gauteng region-south-africa region-southern-africa\">\n\n<div class=\"wp-block-group blog-card grantee-card animate-staggered-target is-layout-flow wp-block-group-is-layout-flow\" style=\"padding-top:30px;padding-right:30px;padding-bottom:30px;padding-left:30px\"><figure class=\"wp-block-post-featured-image\"><a href=\"https:\/\/ahead.africa\/en\/grantee\/south-african-council-of-churches-gauteng\/\" target=\"_self\"  ><img loading=\"lazy\" decoding=\"async\" width=\"1875\" height=\"1094\" src=\"https:\/\/ahead.africa\/wp-content\/uploads\/2025\/05\/South-African-Council-of-Churches-logo.png\" class=\"attachment-post-thumbnail size-post-thumbnail wp-post-image\" alt=\"South African Council of Churches Gauteng\" style=\"object-fit:cover;\" srcset=\"https:\/\/ahead.africa\/wp-content\/uploads\/2025\/05\/South-African-Council-of-Churches-logo.png 1875w, https:\/\/ahead.africa\/wp-content\/uploads\/2025\/05\/South-African-Council-of-Churches-logo-300x175.png 300w, https:\/\/ahead.africa\/wp-content\/uploads\/2025\/05\/South-African-Council-of-Churches-logo-1024x597.png 1024w, https:\/\/ahead.africa\/wp-content\/uploads\/2025\/05\/South-African-Council-of-Churches-logo-768x448.png 768w, https:\/\/ahead.africa\/wp-content\/uploads\/2025\/05\/South-African-Council-of-Churches-logo-1536x896.png 1536w, https:\/\/ahead.africa\/wp-content\/uploads\/2025\/05\/South-African-Council-of-Churches-logo-18x12.png 18w\" sizes=\"auto, (max-width: 1875px) 100vw, 1875px\" \/><\/a><\/figure>\n\n    <h3 class=\"has-h-6-font-size\">South African Council of Churches Gauteng<\/h3>\n\n\n    <p class=\"grantee-country\">Johannesburg, South Africa<\/p>\n\n\n\n<div style=\"height:0px\" aria-hidden=\"true\" class=\"wp-block-spacer\"><\/div>\n\n\n    <ul class=\"grantee-categories\">\n    \n        <li class=\"grantee-category has-p-2-font-size\" data-name=\"advocacy\">Advocacy<\/li>\n        <\/ul>\n\n\n\n<div class=\"wp-block-buttons is-layout-flex wp-block-buttons-is-layout-flex\">\n<div class=\"wp-block-button underline\"><a href=\"https:\/\/ahead.africa\/en\/grantee\/south-african-council-of-churches-gauteng\/\" rel=\"bookmark\" class=\"wp-block-button__link wp-element-button\">Read more<\/a><\/div>\n<\/div>\n<\/div>\n\n<\/li><li class=\"wp-block-post post-8935 grantee type-grantee status-publish has-post-thumbnail hentry grantee-category-advocacy grantee-category-election-observation grantees-south-sudanese-network-for-democratic-elections region-east-africa region-south-sudan\">\n\n<div class=\"wp-block-group blog-card grantee-card animate-staggered-target is-layout-flow wp-block-group-is-layout-flow\" style=\"padding-top:30px;padding-right:30px;padding-bottom:30px;padding-left:30px\"><figure class=\"wp-block-post-featured-image\"><a href=\"https:\/\/ahead.africa\/en\/grantee\/south-sudanese-network-for-democracy-and-elections\/\" target=\"_self\"  ><img loading=\"lazy\" decoding=\"async\" width=\"450\" height=\"262\" src=\"https:\/\/ahead.africa\/wp-content\/uploads\/2025\/07\/Logo-SUuNDE.svg\" class=\"attachment-post-thumbnail size-post-thumbnail wp-post-image\" alt=\"South Sudanese Network for Democracy and Elections\" style=\"object-fit:cover;\" \/><\/a><\/figure>\n\n    <h3 class=\"has-h-6-font-size\">South Sudanese Network for Democracy and Elections<\/h3>\n\n\n    <p class=\"grantee-country\">Juba, South Sudan<\/p>\n\n\n\n<div style=\"height:0px\" aria-hidden=\"true\" class=\"wp-block-spacer\"><\/div>\n\n\n    <ul class=\"grantee-categories\">\n    \n        <li class=\"grantee-category has-p-2-font-size\" data-name=\"advocacy\">Advocacy<\/li>\n    \n        <li class=\"grantee-category has-p-2-font-size\" data-name=\"election-observation\">Election Observation<\/li>\n        <\/ul>\n\n\n\n<div class=\"wp-block-buttons is-layout-flex wp-block-buttons-is-layout-flex\">\n<div class=\"wp-block-button underline\"><a href=\"https:\/\/ahead.africa\/en\/grantee\/south-sudanese-network-for-democracy-and-elections\/\" rel=\"bookmark\" class=\"wp-block-button__link wp-element-button\">Read more<\/a><\/div>\n<\/div>\n<\/div>\n\n<\/li><li class=\"wp-block-post post-8936 grantee type-grantee status-publish has-post-thumbnail hentry grantee-category-advocacy grantee-category-research grantees-standard-action-liaison-office region-east-africa region-south-sudan\">\n\n<div class=\"wp-block-group blog-card grantee-card animate-staggered-target is-layout-flow wp-block-group-is-layout-flow\" style=\"padding-top:30px;padding-right:30px;padding-bottom:30px;padding-left:30px\"><figure class=\"wp-block-post-featured-image\"><a href=\"https:\/\/ahead.africa\/en\/grantee\/standard-action-liaison-office\/\" target=\"_self\"  ><img loading=\"lazy\" decoding=\"async\" width=\"1875\" height=\"1094\" src=\"https:\/\/ahead.africa\/wp-content\/uploads\/2025\/07\/South-Sudan-SALF-logo-.png\" class=\"attachment-post-thumbnail size-post-thumbnail wp-post-image\" alt=\"Standard Action Liaison Office\" style=\"object-fit:cover;\" srcset=\"https:\/\/ahead.africa\/wp-content\/uploads\/2025\/07\/South-Sudan-SALF-logo-.png 1875w, https:\/\/ahead.africa\/wp-content\/uploads\/2025\/07\/South-Sudan-SALF-logo--300x175.png 300w, https:\/\/ahead.africa\/wp-content\/uploads\/2025\/07\/South-Sudan-SALF-logo--1024x597.png 1024w, https:\/\/ahead.africa\/wp-content\/uploads\/2025\/07\/South-Sudan-SALF-logo--768x448.png 768w, https:\/\/ahead.africa\/wp-content\/uploads\/2025\/07\/South-Sudan-SALF-logo--1536x896.png 1536w, https:\/\/ahead.africa\/wp-content\/uploads\/2025\/07\/South-Sudan-SALF-logo--18x12.png 18w\" sizes=\"auto, (max-width: 1875px) 100vw, 1875px\" \/><\/a><\/figure>\n\n    <h3 class=\"has-h-6-font-size\">Standard Action Liaison Office<\/h3>\n\n\n    <p class=\"grantee-country\">Juba, South Sudan<\/p>\n\n\n\n<div style=\"height:0px\" aria-hidden=\"true\" class=\"wp-block-spacer\"><\/div>\n\n\n    <ul class=\"grantee-categories\">\n    \n        <li class=\"grantee-category has-p-2-font-size\" data-name=\"advocacy\">Advocacy<\/li>\n    \n        <li class=\"grantee-category has-p-2-font-size\" data-name=\"research\">Research<\/li>\n        <\/ul>\n\n\n\n<div class=\"wp-block-buttons is-layout-flex wp-block-buttons-is-layout-flex\">\n<div class=\"wp-block-button underline\"><a href=\"https:\/\/ahead.africa\/en\/grantee\/standard-action-liaison-office\/\" rel=\"bookmark\" class=\"wp-block-button__link wp-element-button\">Read more<\/a><\/div>\n<\/div>\n<\/div>\n\n<\/li><li class=\"wp-block-post post-9789 grantee type-grantee status-publish has-post-thumbnail hentry grantee-category-advocacy grantee-category-research grantees-tanzania-bora-initiative region-east-africa region-tanzania\">\n\n<div class=\"wp-block-group blog-card grantee-card animate-staggered-target is-layout-flow wp-block-group-is-layout-flow\" style=\"padding-top:30px;padding-right:30px;padding-bottom:30px;padding-left:30px\"><figure class=\"wp-block-post-featured-image\"><a href=\"https:\/\/ahead.africa\/en\/grantee\/tanzania-bora-initiative\/\" target=\"_self\"  ><img loading=\"lazy\" decoding=\"async\" width=\"1875\" height=\"1094\" src=\"https:\/\/ahead.africa\/wp-content\/uploads\/2025\/08\/Tanzania-Bora-Initiative-logo.png\" class=\"attachment-post-thumbnail size-post-thumbnail wp-post-image\" alt=\"Tanzania Bora Initiative\" style=\"object-fit:cover;\" srcset=\"https:\/\/ahead.africa\/wp-content\/uploads\/2025\/08\/Tanzania-Bora-Initiative-logo.png 1875w, https:\/\/ahead.africa\/wp-content\/uploads\/2025\/08\/Tanzania-Bora-Initiative-logo-300x175.png 300w, https:\/\/ahead.africa\/wp-content\/uploads\/2025\/08\/Tanzania-Bora-Initiative-logo-1024x597.png 1024w, https:\/\/ahead.africa\/wp-content\/uploads\/2025\/08\/Tanzania-Bora-Initiative-logo-768x448.png 768w, https:\/\/ahead.africa\/wp-content\/uploads\/2025\/08\/Tanzania-Bora-Initiative-logo-1536x896.png 1536w, https:\/\/ahead.africa\/wp-content\/uploads\/2025\/08\/Tanzania-Bora-Initiative-logo-18x12.png 18w\" sizes=\"auto, (max-width: 1875px) 100vw, 1875px\" \/><\/a><\/figure>\n\n    <h3 class=\"has-h-6-font-size\">Tanzania Bora Initiative<\/h3>\n\n\n    <p class=\"grantee-country\">Dar es Salaam, Tanzania<\/p>\n\n\n\n<div style=\"height:0px\" aria-hidden=\"true\" class=\"wp-block-spacer\"><\/div>\n\n\n    <ul class=\"grantee-categories\">\n    \n        <li class=\"grantee-category has-p-2-font-size\" data-name=\"advocacy\">Advocacy<\/li>\n    \n        <li class=\"grantee-category has-p-2-font-size\" data-name=\"research\">Research<\/li>\n        <\/ul>\n\n\n\n<div class=\"wp-block-buttons is-layout-flex wp-block-buttons-is-layout-flex\">\n<div class=\"wp-block-button underline\"><a href=\"https:\/\/ahead.africa\/en\/grantee\/tanzania-bora-initiative\/\" rel=\"bookmark\" class=\"wp-block-button__link wp-element-button\">Read more<\/a><\/div>\n<\/div>\n<\/div>\n\n<\/li><li class=\"wp-block-post post-12773 grantee type-grantee status-publish has-post-thumbnail hentry grantee-category-digital grantees-viepublique-sn region-senegal\">\n\n<div class=\"wp-block-group blog-card grantee-card animate-staggered-target is-layout-flow wp-block-group-is-layout-flow\" style=\"padding-top:30px;padding-right:30px;padding-bottom:30px;padding-left:30px\"><figure class=\"wp-block-post-featured-image\"><a href=\"https:\/\/ahead.africa\/en\/grantee\/vie%e2%80%91publique-sn\/\" target=\"_self\"  ><img loading=\"lazy\" decoding=\"async\" width=\"900\" height=\"525\" src=\"https:\/\/ahead.africa\/wp-content\/uploads\/2026\/04\/Vie-Publique-ECTF.png\" class=\"attachment-post-thumbnail size-post-thumbnail wp-post-image\" alt=\"Vie\u2011Publique.sn\" style=\"object-fit:cover;\" srcset=\"https:\/\/ahead.africa\/wp-content\/uploads\/2026\/04\/Vie-Publique-ECTF.png 900w, https:\/\/ahead.africa\/wp-content\/uploads\/2026\/04\/Vie-Publique-ECTF-300x175.png 300w, https:\/\/ahead.africa\/wp-content\/uploads\/2026\/04\/Vie-Publique-ECTF-768x448.png 768w, https:\/\/ahead.africa\/wp-content\/uploads\/2026\/04\/Vie-Publique-ECTF-18x12.png 18w\" sizes=\"auto, (max-width: 900px) 100vw, 900px\" \/><\/a><\/figure>\n\n    <h3 class=\"has-h-6-font-size\">Vie\u2011Publique.sn<\/h3>\n\n\n    <p class=\"grantee-country\">Dakar, Senegal <\/p>\n\n\n\n<div style=\"height:0px\" aria-hidden=\"true\" class=\"wp-block-spacer\"><\/div>\n\n\n    <ul class=\"grantee-categories\">\n    \n        <li class=\"grantee-category has-p-2-font-size\" data-name=\"digital\">Digital<\/li>\n        <\/ul>\n\n\n\n<div class=\"wp-block-buttons is-layout-flex wp-block-buttons-is-layout-flex\">\n<div class=\"wp-block-button underline\"><a href=\"https:\/\/ahead.africa\/en\/grantee\/vie%e2%80%91publique-sn\/\" rel=\"bookmark\" class=\"wp-block-button__link wp-element-button\">Read more<\/a><\/div>\n<\/div>\n<\/div>\n\n<\/li><\/ul>\n\n<\/div>\n<\/div>\n<\/section>\n\n\n\n  <div class=\"observation-divider wp-block-tn-section-divider\" style=\"background-color: var(--wp--preset--color--background);\">\n          <div \n        style=\"fill: var(--wp--preset--color--background-alt);\" \n        class=\"svg-wrapper\"\n        data-flip-x=\"true\"\n        data-flip-y=\"true\"\n      >\n        <svg viewBox=\"0 0 1449 74\" xmlns=\"http:\/\/www.w3.org\/2000\/svg\" preserveAspectRatio=\"none\" xml:space=\"preserve\" style=\"fill-rule:evenodd;clip-rule:evenodd;stroke-linejoin:round;stroke-miterlimit:2\"><g transform=\"scale(1 1.03736)\"><path d=\"M266 70 1449 0v91H0V0l266 70Z\" style=\"fill-rule:nonzero\" transform=\"scale(1 .96399)\"><\/path><\/g><\/svg>      <\/div>\n    \n      <\/div>\n\n\n\n<div style=\"height:10px\" aria-hidden=\"true\" class=\"wp-block-spacer\"><\/div>\n\n\n\n<section class=\"wp-block-group has-global-padding is-layout-constrained wp-block-group-is-layout-constrained\" style=\"padding-top:var(--wp--preset--spacing--30);padding-bottom:var(--wp--preset--spacing--80)\">\n<div class=\"wp-block-group alignwide shapes-cards-wrapper is-layout-flow wp-block-group-is-layout-flow\">\n\n<a href=\"\/about\" class=\"beige layout-1 wp-block-mds-shapes-card\">\n  <div class=\"shapes-wrapper\">\n    <svg class=\"rainbow\" viewBox=\"0 0 245 245\" xmlns=\"http:\/\/www.w3.org\/2000\/svg\" xml:space=\"preserve\" style=\"fill-rule:evenodd;clip-rule:evenodd;stroke-linejoin:round;stroke-miterlimit:2\">\n      <path d=\"M0 117.731v30.644c81.458 0 147.719-66.555 147.719-148.376h-30.508c0 64.919-52.579 117.732-117.211 117.732Z\" style=\"fill-rule:nonzero\"\/>\n      <path d=\"M0 165.731v30.572c108.238 0 196.302-88.065 196.302-196.303H165.73c0 91.386-74.344 165.731-165.73 165.731Z\" style=\"fill-rule:nonzero\"\/>\n      <path d=\"M0 214.274v30.611c134.67 0 244.229-109.854 244.229-244.886h-30.528c0 118.149-95.869 214.275-213.701 214.275Z\" style=\"fill-rule:nonzero\"\/>\n    <\/svg>\n  \n    <svg class=\"circle\" viewBox=\"0 0 245 245\" xmlns=\"http:\/\/www.w3.org\/2000\/svg\" xml:space=\"preserve\" style=\"fill-rule:evenodd;clip-rule:evenodd;stroke-linejoin:round;stroke-miterlimit:2\">\n      <path d=\"M122.115-.001C54.669-.001 0 54.815 0 122.442s54.669 122.443 122.115 122.443c67.445 0 122.114-54.816 122.114-122.443S189.56-.001 122.115-.001Z\" style=\"fill-rule:nonzero\" transform=\"translate(.386 .058)\"\/>\n    <\/svg>\n  \n    <svg class=\"circle-quarter\" data-num=\"1\" viewBox=\"0 0 245 245\" xmlns=\"http:\/\/www.w3.org\/2000\/svg\" xml:space=\"preserve\" style=\"fill-rule:evenodd;clip-rule:evenodd;stroke-linejoin:round;stroke-miterlimit:2\">\n      <path d=\"M0-.001c134.882 0 244.229 109.641 244.229 244.886H0V-.001Z\" style=\"fill-rule:nonzero\"\/>\n    <\/svg>\n  \n    <svg class=\"circle-quarter\" data-num=\"2\" viewBox=\"0 0 245 245\" xmlns=\"http:\/\/www.w3.org\/2000\/svg\" xml:space=\"preserve\" style=\"fill-rule:evenodd;clip-rule:evenodd;stroke-linejoin:round;stroke-miterlimit:2\">\n      <path d=\"M0-.001c134.882 0 244.229 109.641 244.229 244.886H0V-.001Z\" style=\"fill-rule:nonzero\"\/>\n    <\/svg>\n  <\/div>\n\n  \n\n<h3 class=\"wp-block-heading has-text-align-center has-h-5-font-size\">Read more about <br><strong>AHEAD Africa<\/strong><\/h3>\n\n<\/a>\n\n\n\n<a href=\"\/ahead-approach\" class=\"yellow layout-3 wp-block-mds-shapes-card\">\n  <div class=\"shapes-wrapper\">\n    <svg class=\"rainbow\" viewBox=\"0 0 245 245\" xmlns=\"http:\/\/www.w3.org\/2000\/svg\" xml:space=\"preserve\" style=\"fill-rule:evenodd;clip-rule:evenodd;stroke-linejoin:round;stroke-miterlimit:2\">\n      <path d=\"M0 117.731v30.644c81.458 0 147.719-66.555 147.719-148.376h-30.508c0 64.919-52.579 117.732-117.211 117.732Z\" style=\"fill-rule:nonzero\"\/>\n      <path d=\"M0 165.731v30.572c108.238 0 196.302-88.065 196.302-196.303H165.73c0 91.386-74.344 165.731-165.73 165.731Z\" style=\"fill-rule:nonzero\"\/>\n      <path d=\"M0 214.274v30.611c134.67 0 244.229-109.854 244.229-244.886h-30.528c0 118.149-95.869 214.275-213.701 214.275Z\" style=\"fill-rule:nonzero\"\/>\n    <\/svg>\n  \n    <svg class=\"circle\" viewBox=\"0 0 245 245\" xmlns=\"http:\/\/www.w3.org\/2000\/svg\" xml:space=\"preserve\" style=\"fill-rule:evenodd;clip-rule:evenodd;stroke-linejoin:round;stroke-miterlimit:2\">\n      <path d=\"M122.115-.001C54.669-.001 0 54.815 0 122.442s54.669 122.443 122.115 122.443c67.445 0 122.114-54.816 122.114-122.443S189.56-.001 122.115-.001Z\" style=\"fill-rule:nonzero\" transform=\"translate(.386 .058)\"\/>\n    <\/svg>\n  \n    <svg class=\"circle-quarter\" data-num=\"1\" viewBox=\"0 0 245 245\" xmlns=\"http:\/\/www.w3.org\/2000\/svg\" xml:space=\"preserve\" style=\"fill-rule:evenodd;clip-rule:evenodd;stroke-linejoin:round;stroke-miterlimit:2\">\n      <path d=\"M0-.001c134.882 0 244.229 109.641 244.229 244.886H0V-.001Z\" style=\"fill-rule:nonzero\"\/>\n    <\/svg>\n  \n    <svg class=\"circle-quarter\" data-num=\"2\" viewBox=\"0 0 245 245\" xmlns=\"http:\/\/www.w3.org\/2000\/svg\" xml:space=\"preserve\" style=\"fill-rule:evenodd;clip-rule:evenodd;stroke-linejoin:round;stroke-miterlimit:2\">\n      <path d=\"M0-.001c134.882 0 244.229 109.641 244.229 244.886H0V-.001Z\" style=\"fill-rule:nonzero\"\/>\n    <\/svg>\n  <\/div>\n\n  \n\n<h3 class=\"wp-block-heading has-text-align-center has-h-5-font-size\">Learn more about the <br><strong>AHEAD approach<\/strong><\/h3>\n\n<\/a>\n\n\n\n<a href=\"\/partners\" class=\"blue layout-2 wp-block-mds-shapes-card\">\n  <div class=\"shapes-wrapper\">\n    <svg class=\"rainbow\" viewBox=\"0 0 245 245\" xmlns=\"http:\/\/www.w3.org\/2000\/svg\" xml:space=\"preserve\" style=\"fill-rule:evenodd;clip-rule:evenodd;stroke-linejoin:round;stroke-miterlimit:2\">\n      <path d=\"M0 117.731v30.644c81.458 0 147.719-66.555 147.719-148.376h-30.508c0 64.919-52.579 117.732-117.211 117.732Z\" style=\"fill-rule:nonzero\"\/>\n      <path d=\"M0 165.731v30.572c108.238 0 196.302-88.065 196.302-196.303H165.73c0 91.386-74.344 165.731-165.73 165.731Z\" style=\"fill-rule:nonzero\"\/>\n      <path d=\"M0 214.274v30.611c134.67 0 244.229-109.854 244.229-244.886h-30.528c0 118.149-95.869 214.275-213.701 214.275Z\" style=\"fill-rule:nonzero\"\/>\n    <\/svg>\n  \n    <svg class=\"circle\" viewBox=\"0 0 245 245\" xmlns=\"http:\/\/www.w3.org\/2000\/svg\" xml:space=\"preserve\" style=\"fill-rule:evenodd;clip-rule:evenodd;stroke-linejoin:round;stroke-miterlimit:2\">\n      <path d=\"M122.115-.001C54.669-.001 0 54.815 0 122.442s54.669 122.443 122.115 122.443c67.445 0 122.114-54.816 122.114-122.443S189.56-.001 122.115-.001Z\" style=\"fill-rule:nonzero\" transform=\"translate(.386 .058)\"\/>\n    <\/svg>\n  \n    <svg class=\"circle-quarter\" data-num=\"1\" viewBox=\"0 0 245 245\" xmlns=\"http:\/\/www.w3.org\/2000\/svg\" xml:space=\"preserve\" style=\"fill-rule:evenodd;clip-rule:evenodd;stroke-linejoin:round;stroke-miterlimit:2\">\n      <path d=\"M0-.001c134.882 0 244.229 109.641 244.229 244.886H0V-.001Z\" style=\"fill-rule:nonzero\"\/>\n    <\/svg>\n  \n    <svg class=\"circle-quarter\" data-num=\"2\" viewBox=\"0 0 245 245\" xmlns=\"http:\/\/www.w3.org\/2000\/svg\" xml:space=\"preserve\" style=\"fill-rule:evenodd;clip-rule:evenodd;stroke-linejoin:round;stroke-miterlimit:2\">\n      <path d=\"M0-.001c134.882 0 244.229 109.641 244.229 244.886H0V-.001Z\" style=\"fill-rule:nonzero\"\/>\n    <\/svg>\n  <\/div>\n\n  \n\n<h3 class=\"wp-block-heading has-text-align-center has-h-5-font-size\">Get to know our <strong>Members<\/strong><\/h3>\n\n<\/a><\/div>\n<\/section>\n","protected":false},"excerpt":{"rendered":"<p>Local partners Member organisations from AHEAD Africa&#8217;s regional domestic election observer networks and other local organisations across Africa, selected through public calls, will receive for the implementation of electoral recommendations. Filter by type of activity<\/p>\n","protected":false},"author":1,"featured_media":0,"parent":0,"menu_order":0,"comment_status":"closed","ping_status":"closed","template":"","meta":{"_acf_changed":false,"footnotes":""},"class_list":["post-931","page","type-page","status-publish","hentry"],"acf":[],"_links":{"self":[{"href":"https:\/\/ahead.africa\/en\/wp-json\/wp\/v2\/pages\/931","targetHints":{"allow":["GET"]}}],"collection":[{"href":"https:\/\/ahead.africa\/en\/wp-json\/wp\/v2\/pages"}],"about":[{"href":"https:\/\/ahead.africa\/en\/wp-json\/wp\/v2\/types\/page"}],"author":[{"embeddable":true,"href":"https:\/\/ahead.africa\/en\/wp-json\/wp\/v2\/users\/1"}],"replies":[{"embeddable":true,"href":"https:\/\/ahead.africa\/en\/wp-json\/wp\/v2\/comments?post=931"}],"version-history":[{"count":156,"href":"https:\/\/ahead.africa\/en\/wp-json\/wp\/v2\/pages\/931\/revisions"}],"predecessor-version":[{"id":10342,"href":"https:\/\/ahead.africa\/en\/wp-json\/wp\/v2\/pages\/931\/revisions\/10342"}],"wp:attachment":[{"href":"https:\/\/ahead.africa\/en\/wp-json\/wp\/v2\/media?parent=931"}],"curies":[{"name":"wp","href":"https:\/\/api.w.org\/{rel}","templated":true}]}}